{"id":8303,"date":"2020-06-24T07:01:00","date_gmt":"2020-06-24T07:01:00","guid":{"rendered":"https:\/\/diocesisplasencia.org\/hemeroteca\/?page_id=8303"},"modified":"2020-06-24T08:24:11","modified_gmt":"2020-06-24T08:24:11","slug":"noticias-2016","status":"publish","type":"page","link":"https:\/\/diocesisplasencia.org\/hemeroteca\/noticias-2016\/","title":{"rendered":"Noticias 2016"},"content":{"rendered":"\t\t<div data-elementor-type=\"wp-page\" data-elementor-id=\"8303\" class=\"elementor elementor-8303\">\n\t\t\t\t\t\t<section class=\"elementor-section elementor-top-section elementor-element elementor-element-151b3a4f elementor-section-boxed elementor-section-height-default elementor-section-height-default parallax_section_no qode_elementor_container_no\" data-id=\"151b3a4f\" data-element_type=\"section\">\n\t\t\t\t\t\t<div class=\"elementor-container elementor-column-gap-default\">\n\t\t\t\t\t<div class=\"elementor-column elementor-col-100 elementor-top-column elementor-element elementor-element-6b2d9fc3\" data-id=\"6b2d9fc3\" data-element_type=\"column\">\n\t\t\t<div class=\"elementor-widget-wrap elementor-element-populated\">\n\t\t\t\t\t\t<div class=\"elementor-element elementor-element-dc8c35d elementor-widget elementor-widget-bridge_masonry_blog\" data-id=\"dc8c35d\" data-element_type=\"widget\" data-widget_type=\"bridge_masonry_blog.default\">\n\t\t\t\t<div class=\"elementor-widget-container\">\n\t\t\t\t\t<div class='q_masonry_blog'><div class=\"q_masonry_blog_grid_sizer\"><\/div><div class=\"q_masonry_blog_grid_gutter\"><\/div><article  class='post-3171 post type-post status-publish format-standard hentry category-noticias_2016 '><div class=\"q_masonry_blog_post_image\"><\/div><div class=\"q_masonry_blog_post_text\"><h2 itemprop=\"name\" class=\"q_masonry_blog_title entry_title\"><a itemprop=\"url\" href=\"https:\/\/diocesisplasencia.org\/hemeroteca\/semana-de-oracin-por-la-unidad-de-los-cristianos-3\/\">Semana de Oraci\u00f3n por la Unidad de los Cristianos<\/a><\/h2><p itemprop=\"description\" class=\"q_masonry_blog_excerpt\">Del 18 al 25 de enero de 2016 se celebrar\u00e1 en la ...<\/p><div class=\"q_masonry_blog_post_info\"><span itemprop=\"dateCreated\" class=\"time entry_date updated\">07 enero, 2016<meta itemprop=\"interactionCount\" content=\"UserComments: <?php echo get_comments_number(qode_get_page_id()); ?>\"\/><\/span><\/div><\/div><\/article><article  class='post-3174 post type-post status-publish format-standard hentry category-noticias_2016 '><div class=\"q_masonry_blog_post_image\"><\/div><div class=\"q_masonry_blog_post_text\"><h2 itemprop=\"name\" class=\"q_masonry_blog_title entry_title\"><a itemprop=\"url\" href=\"https:\/\/diocesisplasencia.org\/hemeroteca\/tercera-conferencia-del-ciclo-lunes-investiga\/\">Tercera Conferencia del ciclo \u201cLunes Investiga\u201d<\/a><\/h2><p itemprop=\"description\" class=\"q_masonry_blog_excerpt\">La Sala de B\u00f3vedas del Seminario Diocesano de Pla...<\/p><div class=\"q_masonry_blog_post_info\"><span itemprop=\"dateCreated\" class=\"time entry_date updated\">08 enero, 2016<meta itemprop=\"interactionCount\" content=\"UserComments: <?php echo get_comments_number(qode_get_page_id()); ?>\"\/><\/span><\/div><\/div><\/article><article  class='post-3180 post type-post status-publish format-standard hentry category-noticias_2016 '><div class=\"q_masonry_blog_post_image\"><\/div><div class=\"q_masonry_blog_post_text\"><h2 itemprop=\"name\" class=\"q_masonry_blog_title entry_title\"><a itemprop=\"url\" href=\"https:\/\/diocesisplasencia.org\/hemeroteca\/peregrina-con-la-dicesis-a-roma\/\">Peregrina con la Di\u00f3cesis a Roma<\/a><\/h2><p itemprop=\"description\" class=\"q_masonry_blog_excerpt\">&nbsp; Un a\u00f1o m\u00e1s el Secretariado Diocesano de R...<\/p><div class=\"q_masonry_blog_post_info\"><span itemprop=\"dateCreated\" class=\"time entry_date updated\">12 enero, 2016<meta itemprop=\"interactionCount\" content=\"UserComments: <?php echo get_comments_number(qode_get_page_id()); ?>\"\/><\/span><\/div><\/div><\/article><article  class='post-3182 post type-post status-publish format-standard hentry category-noticias_2016 '><div class=\"q_masonry_blog_post_image\"><\/div><div class=\"q_masonry_blog_post_text\"><h2 itemprop=\"name\" class=\"q_masonry_blog_title entry_title\"><a itemprop=\"url\" href=\"https:\/\/diocesisplasencia.org\/hemeroteca\/charla-sobre-el-snodo-de-la-familia-en-don-benito\/\">Charla sobre el S\u00ednodo de la Familia en Don Benito<\/a><\/h2><p itemprop=\"description\" class=\"q_masonry_blog_excerpt\">...<\/p><div class=\"q_masonry_blog_post_info\"><span itemprop=\"dateCreated\" class=\"time entry_date updated\">12 enero, 2016<meta itemprop=\"interactionCount\" content=\"UserComments: <?php echo get_comments_number(qode_get_page_id()); ?>\"\/><\/span><\/div><\/div><\/article><article  class='post-3213 post type-post status-publish format-standard hentry category-noticias_2016 '><div class=\"q_masonry_blog_post_image\"><\/div><div class=\"q_masonry_blog_post_text\"><h2 itemprop=\"name\" class=\"q_masonry_blog_title entry_title\"><a itemprop=\"url\" href=\"https:\/\/diocesisplasencia.org\/hemeroteca\/la-imagen-del-cristo-serradilla-recorrer-las-calles-del-pueblo-en-el-ao-jubilar-de-la-misericordia\/\">La imagen del Cristo Serradilla recorrer\u00e1 las calles del pueblo en el A\u00f1o Jubilar de la Misericordia<\/a><\/h2><p itemprop=\"description\" class=\"q_masonry_blog_excerpt\">En el obispado de Plasencia ha tenido lugar hoy ju...<\/p><div class=\"q_masonry_blog_post_info\"><span itemprop=\"dateCreated\" class=\"time entry_date updated\">14 enero, 2016<meta itemprop=\"interactionCount\" content=\"UserComments: <?php echo get_comments_number(qode_get_page_id()); ?>\"\/><\/span><\/div><\/div><\/article><article  class='post-3234 post type-post status-publish format-standard hentry category-noticias_2016 '><div class=\"q_masonry_blog_post_image\"><\/div><div class=\"q_masonry_blog_post_text\"><h2 itemprop=\"name\" class=\"q_masonry_blog_title entry_title\"><a itemprop=\"url\" href=\"https:\/\/diocesisplasencia.org\/hemeroteca\/segunda-sesin-formativa-de-la-escuela-de-padres-2\/\">Segunda sesi\u00f3n formativa de la Escuela de Padres<\/a><\/h2><p itemprop=\"description\" class=\"q_masonry_blog_excerpt\">LA SEGUNDA SESI\u00d3N FORMATIVA DE LA ESCUELA DE PADR...<\/p><div class=\"q_masonry_blog_post_info\"><span itemprop=\"dateCreated\" class=\"time entry_date updated\">19 enero, 2016<meta itemprop=\"interactionCount\" content=\"UserComments: <?php echo get_comments_number(qode_get_page_id()); ?>\"\/><\/span><\/div><\/div><\/article><article  class='post-3236 post type-post status-publish format-standard hentry category-noticias_2016 '><div class=\"q_masonry_blog_post_image\"><\/div><div class=\"q_masonry_blog_post_text\"><h2 itemprop=\"name\" class=\"q_masonry_blog_title entry_title\"><a itemprop=\"url\" href=\"https:\/\/diocesisplasencia.org\/hemeroteca\/obras-son-amores\/\">\u201cObras son amores\u2026\u201d<\/a><\/h2><p itemprop=\"description\" class=\"q_masonry_blog_excerpt\">DESCARGAR Queridos diocesanos: El lema del A\u00f1o Ju...<\/p><div class=\"q_masonry_blog_post_info\"><span itemprop=\"dateCreated\" class=\"time entry_date updated\">19 enero, 2016<meta itemprop=\"interactionCount\" content=\"UserComments: <?php echo get_comments_number(qode_get_page_id()); ?>\"\/><\/span><\/div><\/div><\/article><article  class='post-3238 post type-post status-publish format-standard hentry category-noticias_2016 '><div class=\"q_masonry_blog_post_image\"><\/div><div class=\"q_masonry_blog_post_text\"><h2 itemprop=\"name\" class=\"q_masonry_blog_title entry_title\"><a itemprop=\"url\" href=\"https:\/\/diocesisplasencia.org\/hemeroteca\/jubileo-de-los-catequistas\/\">Jubileo de los Catequistas<\/a><\/h2><p itemprop=\"description\" class=\"q_masonry_blog_excerpt\">La catedral de Plasencia acoger\u00e1 el s\u00e1bado 23 de...<\/p><div class=\"q_masonry_blog_post_info\"><span itemprop=\"dateCreated\" class=\"time entry_date updated\">21 enero, 2016<meta itemprop=\"interactionCount\" content=\"UserComments: <?php echo get_comments_number(qode_get_page_id()); ?>\"\/><\/span><\/div><\/div><\/article><article  class='post-3254 post type-post status-publish format-standard hentry category-noticias_2016 '><div class=\"q_masonry_blog_post_image\"><\/div><div class=\"q_masonry_blog_post_text\"><h2 itemprop=\"name\" class=\"q_masonry_blog_title entry_title\"><a itemprop=\"url\" href=\"https:\/\/diocesisplasencia.org\/hemeroteca\/enero-dar-posada-al-peregrino-la-emigracin\/\">Enero. Dar posada al peregrino. La emigraci\u00f3n<\/a><\/h2><p itemprop=\"description\" class=\"q_masonry_blog_excerpt\">&#8211; V\u00eddeo \u00abIglesia Acogedora\u00bb (Descargar MP...<\/p><div class=\"q_masonry_blog_post_info\"><span itemprop=\"dateCreated\" class=\"time entry_date updated\">25 enero, 2016<meta itemprop=\"interactionCount\" content=\"UserComments: <?php echo get_comments_number(qode_get_page_id()); ?>\"\/><\/span><\/div><\/div><\/article><article  class='post-3349 post type-post status-publish format-standard hentry category-noticias_2016 '><div class=\"q_masonry_blog_post_image\"><\/div><div class=\"q_masonry_blog_post_text\"><h2 itemprop=\"name\" class=\"q_masonry_blog_title entry_title\"><a itemprop=\"url\" href=\"https:\/\/diocesisplasencia.org\/hemeroteca\/plntale-cara-al-hambre-siembra\/\">Pl\u00e1ntale cara al hambre: siembra<\/a><\/h2><p itemprop=\"description\" class=\"q_masonry_blog_excerpt\">DESCARGAR Queridos diocesanos: Cada a\u00f1o, al comen...<\/p><div class=\"q_masonry_blog_post_info\"><span itemprop=\"dateCreated\" class=\"time entry_date updated\">03 febrero, 2016<meta itemprop=\"interactionCount\" content=\"UserComments: <?php echo get_comments_number(qode_get_page_id()); ?>\"\/><\/span><\/div><\/div><\/article><article  class='post-3353 post type-post status-publish format-standard hentry category-noticias_2016 '><div class=\"q_masonry_blog_post_image\"><\/div><div class=\"q_masonry_blog_post_text\"><h2 itemprop=\"name\" class=\"q_masonry_blog_title entry_title\"><a itemprop=\"url\" href=\"https:\/\/diocesisplasencia.org\/hemeroteca\/cuarta-conferencia-del-ciclo-lunes-investiga-2\/\">Cuarta conferencia del ciclo \u201cLUNES INVESTIGA\u201d<\/a><\/h2><p itemprop=\"description\" class=\"q_masonry_blog_excerpt\">La Sala de B\u00f3vedas del Seminario Diocesano de Pla...<\/p><div class=\"q_masonry_blog_post_info\"><span itemprop=\"dateCreated\" class=\"time entry_date updated\">05 febrero, 2016<meta itemprop=\"interactionCount\" content=\"UserComments: <?php echo get_comments_number(qode_get_page_id()); ?>\"\/><\/span><\/div><\/div><\/article><article  class='post-3355 post type-post status-publish format-standard hentry category-noticias_2016 '><div class=\"q_masonry_blog_post_image\"><\/div><div class=\"q_masonry_blog_post_text\"><h2 itemprop=\"name\" class=\"q_masonry_blog_title entry_title\"><a itemprop=\"url\" href=\"https:\/\/diocesisplasencia.org\/hemeroteca\/jornadas-teolgicas-de-los-seminarios-extremeos\/\">Jornadas Teol\u00f3gicas de los Seminarios Extreme\u00f1os<\/a><\/h2><p itemprop=\"description\" class=\"q_masonry_blog_excerpt\">El Seminario Diocesano de Plasencia acoger\u00e1 del 1...<\/p><div class=\"q_masonry_blog_post_info\"><span itemprop=\"dateCreated\" class=\"time entry_date updated\">08 febrero, 2016<meta itemprop=\"interactionCount\" content=\"UserComments: <?php echo get_comments_number(qode_get_page_id()); ?>\"\/><\/span><\/div><\/div><\/article><article  class='post-3357 post type-post status-publish format-standard hentry category-noticias_2016 '><div class=\"q_masonry_blog_post_image\"><\/div><div class=\"q_masonry_blog_post_text\"><h2 itemprop=\"name\" class=\"q_masonry_blog_title entry_title\"><a itemprop=\"url\" href=\"https:\/\/diocesisplasencia.org\/hemeroteca\/jubileo-y-clausura-del-ao-de-la-vida-consagrada\/\">Jubileo y Clausura del A\u00f1o de la Vida Consagrada<\/a><\/h2><p itemprop=\"description\" class=\"q_masonry_blog_excerpt\">El Seminario Diocesano acogi\u00f3 el pasado s\u00e1bado d...<\/p><div class=\"q_masonry_blog_post_info\"><span itemprop=\"dateCreated\" class=\"time entry_date updated\">08 febrero, 2016<meta itemprop=\"interactionCount\" content=\"UserComments: <?php echo get_comments_number(qode_get_page_id()); ?>\"\/><\/span><\/div><\/div><\/article><article  class='post-3359 post type-post status-publish format-standard hentry category-noticias_2016 '><div class=\"q_masonry_blog_post_image\"><\/div><div class=\"q_masonry_blog_post_text\"><h2 itemprop=\"name\" class=\"q_masonry_blog_title entry_title\"><a itemprop=\"url\" href=\"https:\/\/diocesisplasencia.org\/hemeroteca\/manos-unidas-plasencia-contra-el-hambre\/\">Manos Unidas Plasencia contra el hambre<\/a><\/h2><p itemprop=\"description\" class=\"q_masonry_blog_excerpt\">La Delegaci\u00f3n placentina de Manos Unidas ha prese...<\/p><div class=\"q_masonry_blog_post_info\"><span itemprop=\"dateCreated\" class=\"time entry_date updated\">09 febrero, 2016<meta itemprop=\"interactionCount\" content=\"UserComments: <?php echo get_comments_number(qode_get_page_id()); ?>\"\/><\/span><\/div><\/div><\/article><article  class='post-3367 post type-post status-publish format-standard hentry category-noticias_2016 '><div class=\"q_masonry_blog_post_image\"><\/div><div class=\"q_masonry_blog_post_text\"><h2 itemprop=\"name\" class=\"q_masonry_blog_title entry_title\"><a itemprop=\"url\" href=\"https:\/\/diocesisplasencia.org\/hemeroteca\/jubileo-de-hermandades-y-cofradas\/\">Jubileo de Hermandades y Cofrad\u00edas<\/a><\/h2><p itemprop=\"description\" class=\"q_masonry_blog_excerpt\">El pr\u00f3ximo domingo d\u00eda 14 de febrero, y con el l...<\/p><div class=\"q_masonry_blog_post_info\"><span itemprop=\"dateCreated\" class=\"time entry_date updated\">10 febrero, 2016<meta itemprop=\"interactionCount\" content=\"UserComments: <?php echo get_comments_number(qode_get_page_id()); ?>\"\/><\/span><\/div><\/div><\/article><article  class='post-3369 post type-post status-publish format-standard hentry category-noticias_2016 '><div class=\"q_masonry_blog_post_image\"><\/div><div class=\"q_masonry_blog_post_text\"><h2 itemprop=\"name\" class=\"q_masonry_blog_title entry_title\"><a itemprop=\"url\" href=\"https:\/\/diocesisplasencia.org\/hemeroteca\/os-propongo-mi-cuaresma\/\">Os propongo mi cuaresma<\/a><\/h2><p itemprop=\"description\" class=\"q_masonry_blog_excerpt\">DESCARGAR Queridos diocesanos: Hemos iniciado la c...<\/p><div class=\"q_masonry_blog_post_info\"><span itemprop=\"dateCreated\" class=\"time entry_date updated\">15 febrero, 2016<meta itemprop=\"interactionCount\" content=\"UserComments: <?php echo get_comments_number(qode_get_page_id()); ?>\"\/><\/span><\/div><\/div><\/article><article  class='post-3382 post type-post status-publish format-standard hentry category-noticias_2016 '><div class=\"q_masonry_blog_post_image\"><\/div><div class=\"q_masonry_blog_post_text\"><h2 itemprop=\"name\" class=\"q_masonry_blog_title entry_title\"><a itemprop=\"url\" href=\"https:\/\/diocesisplasencia.org\/hemeroteca\/los-cofrades-cruzan-la-puerta-santa-de-la-catedral\/\">Los cofrades cruzan la Puerta Santa de la catedral<\/a><\/h2><p itemprop=\"description\" class=\"q_masonry_blog_excerpt\">Las Hermandades y Cofrad\u00edas diocesanas fueron con...<\/p><div class=\"q_masonry_blog_post_info\"><span itemprop=\"dateCreated\" class=\"time entry_date updated\">17 febrero, 2016<meta itemprop=\"interactionCount\" content=\"UserComments: <?php echo get_comments_number(qode_get_page_id()); ?>\"\/><\/span><\/div><\/div><\/article><article  class='post-3389 post type-post status-publish format-standard hentry category-noticias_2016 '><div class=\"q_masonry_blog_post_image\"><\/div><div class=\"q_masonry_blog_post_text\"><h2 itemprop=\"name\" class=\"q_masonry_blog_title entry_title\"><a itemprop=\"url\" href=\"https:\/\/diocesisplasencia.org\/hemeroteca\/primera-semana-de-cine-espiritual-en-plasencia\/\">Primera Semana de Cine Espiritual en Plasencia<\/a><\/h2><p itemprop=\"description\" class=\"q_masonry_blog_excerpt\">En la ma\u00f1ana de hoy viernes 19 de febrero, en el ...<\/p><div class=\"q_masonry_blog_post_info\"><span itemprop=\"dateCreated\" class=\"time entry_date updated\">19 febrero, 2016<meta itemprop=\"interactionCount\" content=\"UserComments: <?php echo get_comments_number(qode_get_page_id()); ?>\"\/><\/span><\/div><\/div><\/article><article  class='post-3407 post type-post status-publish format-standard hentry category-noticias_2016 '><div class=\"q_masonry_blog_post_image\"><\/div><div class=\"q_masonry_blog_post_text\"><h2 itemprop=\"name\" class=\"q_masonry_blog_title entry_title\"><a itemprop=\"url\" href=\"https:\/\/diocesisplasencia.org\/hemeroteca\/una-iniciativa-del-prroco-del-mundo\/\">Una iniciativa del \u201cp\u00e1rroco del mundo\u201d<\/a><\/h2><p itemprop=\"description\" class=\"q_masonry_blog_excerpt\">DESCARGAR Cuando decimos que el Papa Francisco es ...<\/p><div class=\"q_masonry_blog_post_info\"><span itemprop=\"dateCreated\" class=\"time entry_date updated\">01 marzo, 2016<meta itemprop=\"interactionCount\" content=\"UserComments: <?php echo get_comments_number(qode_get_page_id()); ?>\"\/><\/span><\/div><\/div><\/article><article  class='post-3411 post type-post status-publish format-standard hentry category-noticias_2016 '><div class=\"q_masonry_blog_post_image\"><\/div><div class=\"q_masonry_blog_post_text\"><h2 itemprop=\"name\" class=\"q_masonry_blog_title entry_title\"><a itemprop=\"url\" href=\"https:\/\/diocesisplasencia.org\/hemeroteca\/jubileo-de-las-parroquias-de-plasencia-en-el-ao-de-la-misericordia-y-24-horas-para-el-seor\/\">Jubileo de las parroquias de Plasencia en el A\u00f1o de la Misericordia y 24 horas para el Se\u00f1or<\/a><\/h2><p itemprop=\"description\" class=\"q_masonry_blog_excerpt\">Los d\u00edas 4 y 5 de marzo el Papa Francisco ha conv...<\/p><div class=\"q_masonry_blog_post_info\"><span itemprop=\"dateCreated\" class=\"time entry_date updated\">02 marzo, 2016<meta itemprop=\"interactionCount\" content=\"UserComments: <?php echo get_comments_number(qode_get_page_id()); ?>\"\/><\/span><\/div><\/div><\/article><article  class='post-3384 post type-post status-publish format-standard hentry category-noticias_2016 '><div class=\"q_masonry_blog_post_image\"><\/div><div class=\"q_masonry_blog_post_text\"><h2 itemprop=\"name\" class=\"q_masonry_blog_title entry_title\"><a itemprop=\"url\" href=\"https:\/\/diocesisplasencia.org\/hemeroteca\/acoso-escolar-hoy-en-la-escuela-de-padres\/\">Trastornos de conducta en la Escuela de Padres<\/a><\/h2><p itemprop=\"description\" class=\"q_masonry_blog_excerpt\">La Escuela de Padres os invita&nbsp; a que partici...<\/p><div class=\"q_masonry_blog_post_info\"><span itemprop=\"dateCreated\" class=\"time entry_date updated\">07 marzo, 2016<meta itemprop=\"interactionCount\" content=\"UserComments: <?php echo get_comments_number(qode_get_page_id()); ?>\"\/><\/span><\/div><\/div><\/article><article  class='post-3417 post type-post status-publish format-standard hentry category-noticias_2016 '><div class=\"q_masonry_blog_post_image\"><\/div><div class=\"q_masonry_blog_post_text\"><h2 itemprop=\"name\" class=\"q_masonry_blog_title entry_title\"><a itemprop=\"url\" href=\"https:\/\/diocesisplasencia.org\/hemeroteca\/jubileo-de-los-jvenes\/\">Jubileo de los J\u00f3venes<\/a><\/h2><p itemprop=\"description\" class=\"q_masonry_blog_excerpt\">&nbsp; &nbsp;...<\/p><div class=\"q_masonry_blog_post_info\"><span itemprop=\"dateCreated\" class=\"time entry_date updated\">07 marzo, 2016<meta itemprop=\"interactionCount\" content=\"UserComments: <?php echo get_comments_number(qode_get_page_id()); ?>\"\/><\/span><\/div><\/div><\/article><article  class='post-3431 post type-post status-publish format-standard hentry category-noticias_2016 '><div class=\"q_masonry_blog_post_image\"><\/div><div class=\"q_masonry_blog_post_text\"><h2 itemprop=\"name\" class=\"q_masonry_blog_title entry_title\"><a itemprop=\"url\" href=\"https:\/\/diocesisplasencia.org\/hemeroteca\/los-registros-parroquiales-en-los-lunes-investiga\/\">Los registros parroquiales en \u201cLos lunes investiga\u201d<\/a><\/h2><p itemprop=\"description\" class=\"q_masonry_blog_excerpt\">La Sala de B\u00f3vedas del Seminario Diocesano de Pla...<\/p><div class=\"q_masonry_blog_post_info\"><span itemprop=\"dateCreated\" class=\"time entry_date updated\">11 marzo, 2016<meta itemprop=\"interactionCount\" content=\"UserComments: <?php echo get_comments_number(qode_get_page_id()); ?>\"\/><\/span><\/div><\/div><\/article><article  class='post-3433 post type-post status-publish format-standard hentry category-noticias_2016 '><div class=\"q_masonry_blog_post_image\"><\/div><div class=\"q_masonry_blog_post_text\"><h2 itemprop=\"name\" class=\"q_masonry_blog_title entry_title\"><a itemprop=\"url\" href=\"https:\/\/diocesisplasencia.org\/hemeroteca\/nuestra-dicesis-colabora-en-la-apertura-de-monumentos-por-semana-santa-de-castilla-y-len\/\">Nuestra di\u00f3cesis colabora en la apertura de monumentos por Semana Santa de Castilla y Le\u00f3n<\/a><\/h2><p itemprop=\"description\" class=\"q_masonry_blog_excerpt\">&nbsp; Castilla y Le\u00f3n cuenta con un importante p...<\/p><div class=\"q_masonry_blog_post_info\"><span itemprop=\"dateCreated\" class=\"time entry_date updated\">17 marzo, 2016<meta itemprop=\"interactionCount\" content=\"UserComments: <?php echo get_comments_number(qode_get_page_id()); ?>\"\/><\/span><\/div><\/div><\/article><article  class='post-3435 post type-post status-publish format-standard hentry category-noticias_2016 '><div class=\"q_masonry_blog_post_image\"><\/div><div class=\"q_masonry_blog_post_text\"><h2 itemprop=\"name\" class=\"q_masonry_blog_title entry_title\"><a itemprop=\"url\" href=\"https:\/\/diocesisplasencia.org\/hemeroteca\/los-nacidos-de-la-pascua\/\">Los nacidos de la Pascua<\/a><\/h2><p itemprop=\"description\" class=\"q_masonry_blog_excerpt\">DESCARGAR Queridos diocesanos:As\u00ed presenta la Pas...<\/p><div class=\"q_masonry_blog_post_info\"><span itemprop=\"dateCreated\" class=\"time entry_date updated\">17 marzo, 2016<meta itemprop=\"interactionCount\" content=\"UserComments: <?php echo get_comments_number(qode_get_page_id()); ?>\"\/><\/span><\/div><\/div><\/article><article  class='post-3439 post type-post status-publish format-standard hentry category-noticias_2016 '><div class=\"q_masonry_blog_post_image\"><\/div><div class=\"q_masonry_blog_post_text\"><h2 itemprop=\"name\" class=\"q_masonry_blog_title entry_title\"><a itemprop=\"url\" href=\"https:\/\/diocesisplasencia.org\/hemeroteca\/horarios-de-semana-santa-en-la-s-i-catedral\/\">Horarios de Semana Santa en la S.I. Catedral<\/a><\/h2><p itemprop=\"description\" class=\"q_masonry_blog_excerpt\">...<\/p><div class=\"q_masonry_blog_post_info\"><span itemprop=\"dateCreated\" class=\"time entry_date updated\">18 marzo, 2016<meta itemprop=\"interactionCount\" content=\"UserComments: <?php echo get_comments_number(qode_get_page_id()); ?>\"\/><\/span><\/div><\/div><\/article><article  class='post-3447 post type-post status-publish format-standard hentry category-noticias_2016 '><div class=\"q_masonry_blog_post_image\"><\/div><div class=\"q_masonry_blog_post_text\"><h2 itemprop=\"name\" class=\"q_masonry_blog_title entry_title\"><a itemprop=\"url\" href=\"https:\/\/diocesisplasencia.org\/hemeroteca\/servidores-de-la-misericordia-en-torno-a-jess\/\">Servidores de la misericordia en torno a Jes\u00fas<\/a><\/h2><p itemprop=\"description\" class=\"q_masonry_blog_excerpt\">DESCARGAR MISA CRISMAL Y JUBILEO SACERDOTAL 2016Qu...<\/p><div class=\"q_masonry_blog_post_info\"><span itemprop=\"dateCreated\" class=\"time entry_date updated\">23 marzo, 2016<meta itemprop=\"interactionCount\" content=\"UserComments: <?php echo get_comments_number(qode_get_page_id()); ?>\"\/><\/span><\/div><\/div><\/article><article  class='post-3453 post type-post status-publish format-standard hentry category-noticias_2016 '><div class=\"q_masonry_blog_post_image\"><\/div><div class=\"q_masonry_blog_post_text\"><h2 itemprop=\"name\" class=\"q_masonry_blog_title entry_title\"><a itemprop=\"url\" href=\"https:\/\/diocesisplasencia.org\/hemeroteca\/celebra-la-jornada-por-la-vida\/\">Celebra la Jornada por la Vida<\/a><\/h2><p itemprop=\"description\" class=\"q_masonry_blog_excerpt\">EL SECRETARIADO DIOCESANO DE PASTORAL FAMILIAR INV...<\/p><div class=\"q_masonry_blog_post_info\"><span itemprop=\"dateCreated\" class=\"time entry_date updated\">29 marzo, 2016<meta itemprop=\"interactionCount\" content=\"UserComments: <?php echo get_comments_number(qode_get_page_id()); ?>\"\/><\/span><\/div><\/div><\/article><article  class='post-3456 post type-post status-publish format-standard hentry category-noticias_2016 '><div class=\"q_masonry_blog_post_image\"><\/div><div class=\"q_masonry_blog_post_text\"><h2 itemprop=\"name\" class=\"q_masonry_blog_title entry_title\"><a itemprop=\"url\" href=\"https:\/\/diocesisplasencia.org\/hemeroteca\/jubileo-de-los-nios\/\">Jubileo de los Ni\u00f1os<\/a><\/h2><p itemprop=\"description\" class=\"q_masonry_blog_excerpt\">El s\u00e1bado&nbsp; 9 de abril tendr\u00e1 lugar el Jubil...<\/p><div class=\"q_masonry_blog_post_info\"><span itemprop=\"dateCreated\" class=\"time entry_date updated\">05 abril, 2016<meta itemprop=\"interactionCount\" content=\"UserComments: <?php echo get_comments_number(qode_get_page_id()); ?>\"\/><\/span><\/div><\/div><\/article><article  class='post-3468 post type-post status-publish format-standard hentry category-noticias_2016 '><div class=\"q_masonry_blog_post_image\"><\/div><div class=\"q_masonry_blog_post_text\"><h2 itemprop=\"name\" class=\"q_masonry_blog_title entry_title\"><a itemprop=\"url\" href=\"https:\/\/diocesisplasencia.org\/hemeroteca\/alrededor-de-1000-nios-en-el-jubileo-de-maana\/\">Alrededor de 1000 ni\u00f1os en el Jubileo de ma\u00f1ana<\/a><\/h2><p itemprop=\"description\" class=\"q_masonry_blog_excerpt\">Foto de archivo: Encuentro del obispo con los ni\u00f1...<\/p><div class=\"q_masonry_blog_post_info\"><span itemprop=\"dateCreated\" class=\"time entry_date updated\">08 abril, 2016<meta itemprop=\"interactionCount\" content=\"UserComments: <?php echo get_comments_number(qode_get_page_id()); ?>\"\/><\/span><\/div><\/div><\/article><article  class='post-3474 post type-post status-publish format-standard hentry category-noticias_2016 '><div class=\"q_masonry_blog_post_image\"><\/div><div class=\"q_masonry_blog_post_text\"><h2 itemprop=\"name\" class=\"q_masonry_blog_title entry_title\"><a itemprop=\"url\" href=\"https:\/\/diocesisplasencia.org\/hemeroteca\/la-msica-en-las-catedrales-del-norte-de-extremadura-con-los-lunes-investiga\/\">La m\u00fasica en las catedrales del norte de Extremadura con \u201cLos lunes investiga\u201d<\/a><\/h2><p itemprop=\"description\" class=\"q_masonry_blog_excerpt\">...<\/p><div class=\"q_masonry_blog_post_info\"><span itemprop=\"dateCreated\" class=\"time entry_date updated\">08 abril, 2016<meta itemprop=\"interactionCount\" content=\"UserComments: <?php echo get_comments_number(qode_get_page_id()); ?>\"\/><\/span><\/div><\/div><\/article><article  class='post-3478 post type-post status-publish format-standard hentry category-noticias_2016 '><div class=\"q_masonry_blog_post_image\"><\/div><div class=\"q_masonry_blog_post_text\"><h2 itemprop=\"name\" class=\"q_masonry_blog_title entry_title\"><a itemprop=\"url\" href=\"https:\/\/diocesisplasencia.org\/hemeroteca\/monseor-amadeo-rodrguez-magro-nuevo-obispo-de-jan\/\">Mons. Amadeo Rodr\u00edguez Magro, nuevo obispo de Ja\u00e9n<\/a><\/h2><p itemprop=\"description\" class=\"q_masonry_blog_excerpt\">&nbsp; &nbsp; &nbsp; La Santa Sede ha hecho p\u00fabli...<\/p><div class=\"q_masonry_blog_post_info\"><span itemprop=\"dateCreated\" class=\"time entry_date updated\">09 abril, 2016<meta itemprop=\"interactionCount\" content=\"UserComments: <?php echo get_comments_number(qode_get_page_id()); ?>\"\/><\/span><\/div><\/div><\/article><article  class='post-3484 post type-post status-publish format-standard hentry category-noticias_2016 '><div class=\"q_masonry_blog_post_image\"><\/div><div class=\"q_masonry_blog_post_text\"><h2 itemprop=\"name\" class=\"q_masonry_blog_title entry_title\"><a itemprop=\"url\" href=\"https:\/\/diocesisplasencia.org\/hemeroteca\/carta-a-los-sacerdotes-de-la-dicesis-de-plasencia\/\">Carta a los sacerdotes de la di\u00f3cesis de Plasencia<\/a><\/h2><p itemprop=\"description\" class=\"q_masonry_blog_excerpt\">+ Amadeo Rodr\u00edguez Magro Obispo electo de Ja\u00e9n A...<\/p><div class=\"q_masonry_blog_post_info\"><span itemprop=\"dateCreated\" class=\"time entry_date updated\">09 abril, 2016<meta itemprop=\"interactionCount\" content=\"UserComments: <?php echo get_comments_number(qode_get_page_id()); ?>\"\/><\/span><\/div><\/div><\/article><article  class='post-3486 post type-post status-publish format-standard hentry category-noticias_2016 '><div class=\"q_masonry_blog_post_image\"><\/div><div class=\"q_masonry_blog_post_text\"><h2 itemprop=\"name\" class=\"q_masonry_blog_title entry_title\"><a itemprop=\"url\" href=\"https:\/\/diocesisplasencia.org\/hemeroteca\/amadeo-rodrguez-magro-obispo-electo-de-jan\/\">Amadeo Rodr\u00edguez Magro, obispo electo de Ja\u00e9n<\/a><\/h2><p itemprop=\"description\" class=\"q_masonry_blog_excerpt\">&#8211; Nace el 12 de marzo de 1946 en la Villa de...<\/p><div class=\"q_masonry_blog_post_info\"><span itemprop=\"dateCreated\" class=\"time entry_date updated\">09 abril, 2016<meta itemprop=\"interactionCount\" content=\"UserComments: <?php echo get_comments_number(qode_get_page_id()); ?>\"\/><\/span><\/div><\/div><\/article><article  class='post-3488 post type-post status-publish format-standard hentry category-noticias_2016 '><div class=\"q_masonry_blog_post_image\"><\/div><div class=\"q_masonry_blog_post_text\"><h2 itemprop=\"name\" class=\"q_masonry_blog_title entry_title\"><a itemprop=\"url\" href=\"https:\/\/diocesisplasencia.org\/hemeroteca\/comunicado-del-obispo-de-plasencia-al-hacerse-pblico-su-nombramiento-como-obispo-de-jan\/\">Comunicado del Obispo de Plasencia al hacerse p\u00fablico su nombramiento como Obispo de Ja\u00e9n<\/a><\/h2><p itemprop=\"description\" class=\"q_masonry_blog_excerpt\">1. Comparezco ante vosotros para daros una noticia...<\/p><div class=\"q_masonry_blog_post_info\"><span itemprop=\"dateCreated\" class=\"time entry_date updated\">09 abril, 2016<meta itemprop=\"interactionCount\" content=\"UserComments: <?php echo get_comments_number(qode_get_page_id()); ?>\"\/><\/span><\/div><\/div><\/article><article  class='post-3507 post type-post status-publish format-standard hentry category-noticias_2016 '><div class=\"q_masonry_blog_post_image\"><\/div><div class=\"q_masonry_blog_post_text\"><h2 itemprop=\"name\" class=\"q_masonry_blog_title entry_title\"><a itemprop=\"url\" href=\"https:\/\/diocesisplasencia.org\/hemeroteca\/adiccin-a-las-redes-sociales-en-la-escuela-de-padres\/\">Adicci\u00f3n a las redes sociales en la Escuela de Padres<\/a><\/h2><p itemprop=\"description\" class=\"q_masonry_blog_excerpt\">El colegio Sant\u00edsima Trinidad de Plasencia acoge ...<\/p><div class=\"q_masonry_blog_post_info\"><span itemprop=\"dateCreated\" class=\"time entry_date updated\">13 abril, 2016<meta itemprop=\"interactionCount\" content=\"UserComments: <?php echo get_comments_number(qode_get_page_id()); ?>\"\/><\/span><\/div><\/div><\/article><article  class='post-3509 post type-post status-publish format-standard hentry category-noticias_2016 '><div class=\"q_masonry_blog_post_image\"><\/div><div class=\"q_masonry_blog_post_text\"><h2 itemprop=\"name\" class=\"q_masonry_blog_title entry_title\"><a itemprop=\"url\" href=\"https:\/\/diocesisplasencia.org\/hemeroteca\/jubileo-de-los-profesores\/\">Jubileo de los Profesores<\/a><\/h2><p itemprop=\"description\" class=\"q_masonry_blog_excerpt\">Foto de archivo de profesores en un encuentro. Ma?...<\/p><div class=\"q_masonry_blog_post_info\"><span itemprop=\"dateCreated\" class=\"time entry_date updated\">15 abril, 2016<meta itemprop=\"interactionCount\" content=\"UserComments: <?php echo get_comments_number(qode_get_page_id()); ?>\"\/><\/span><\/div><\/div><\/article><article  class='post-3519 post type-post status-publish format-standard hentry category-noticias_2016 '><div class=\"q_masonry_blog_post_image\"><\/div><div class=\"q_masonry_blog_post_text\"><h2 itemprop=\"name\" class=\"q_masonry_blog_title entry_title\"><a itemprop=\"url\" href=\"https:\/\/diocesisplasencia.org\/hemeroteca\/festival-a-beneficio-de-proyecto-hombre-extremadura-2\/\">Festival a beneficio de Proyecto Hombre Extremadura<\/a><\/h2><p itemprop=\"description\" class=\"q_masonry_blog_excerpt\">-El festival comenzar\u00e1 a las 19:30 h en el Comple...<\/p><div class=\"q_masonry_blog_post_info\"><span itemprop=\"dateCreated\" class=\"time entry_date updated\">20 abril, 2016<meta itemprop=\"interactionCount\" content=\"UserComments: <?php echo get_comments_number(qode_get_page_id()); ?>\"\/><\/span><\/div><\/div><\/article><article  class='post-3522 post type-post status-publish format-standard hentry category-noticias_2016 '><div class=\"q_masonry_blog_post_image\"><\/div><div class=\"q_masonry_blog_post_text\"><h2 itemprop=\"name\" class=\"q_masonry_blog_title entry_title\"><a itemprop=\"url\" href=\"https:\/\/diocesisplasencia.org\/hemeroteca\/peregrinacin-interdiocesana-de-jvenes-extremeos-a-guadalupe\/\">Peregrinaci\u00f3n interdiocesana de j\u00f3venes extreme\u00f1os a Guadalupe<\/a><\/h2><p itemprop=\"description\" class=\"q_masonry_blog_excerpt\">-J\u00f3venes de Extremadura peregrinar\u00e1n a Guadalupe...<\/p><div class=\"q_masonry_blog_post_info\"><span itemprop=\"dateCreated\" class=\"time entry_date updated\">21 abril, 2016<meta itemprop=\"interactionCount\" content=\"UserComments: <?php echo get_comments_number(qode_get_page_id()); ?>\"\/><\/span><\/div><\/div><\/article><article  class='post-3568 post type-post status-publish format-standard hentry category-noticias_2016 '><div class=\"q_masonry_blog_post_image\"><\/div><div class=\"q_masonry_blog_post_text\"><h2 itemprop=\"name\" class=\"q_masonry_blog_title entry_title\"><a itemprop=\"url\" href=\"https:\/\/diocesisplasencia.org\/hemeroteca\/educar-la-sensibilidad-en-la-ltima-sesin-de-la-escuela-de-padres\/\">Educar la sensibilidad en la \u00faltima sesi\u00f3n de la Escuela de Padres<\/a><\/h2><p itemprop=\"description\" class=\"q_masonry_blog_excerpt\">Ma\u00f1ana mi\u00e9rcoles 11 de mayo tendr\u00e1 lugar en el ...<\/p><div class=\"q_masonry_blog_post_info\"><span itemprop=\"dateCreated\" class=\"time entry_date updated\">10 mayo, 2016<meta itemprop=\"interactionCount\" content=\"UserComments: <?php echo get_comments_number(qode_get_page_id()); ?>\"\/><\/span><\/div><\/div><\/article><article  class='post-3570 post type-post status-publish format-standard hentry category-noticias_2016 '><div class=\"q_masonry_blog_post_image\"><\/div><div class=\"q_masonry_blog_post_text\"><h2 itemprop=\"name\" class=\"q_masonry_blog_title entry_title\"><a itemprop=\"url\" href=\"https:\/\/diocesisplasencia.org\/hemeroteca\/eucarista-de-despedida-de-don-amadeo\/\">Eucarist\u00eda de despedida de don Amadeo<\/a><\/h2><p itemprop=\"description\" class=\"q_masonry_blog_excerpt\">La catedral de Plasencia celebrar\u00e1 el domingo, d?...<\/p><div class=\"q_masonry_blog_post_info\"><span itemprop=\"dateCreated\" class=\"time entry_date updated\">18 mayo, 2016<meta itemprop=\"interactionCount\" content=\"UserComments: <?php echo get_comments_number(qode_get_page_id()); ?>\"\/><\/span><\/div><\/div><\/article><article  class='post-3592 post type-post status-publish format-standard hentry category-noticias_2016 '><div class=\"q_masonry_blog_post_image\"><\/div><div class=\"q_masonry_blog_post_text\"><h2 itemprop=\"name\" class=\"q_masonry_blog_title entry_title\"><a itemprop=\"url\" href=\"https:\/\/diocesisplasencia.org\/hemeroteca\/todo-buena-teologa-se-convierte-en-una-buena-antropologa\/\">Todo buena teolog\u00eda se convierte en una buena antropolog\u00eda<\/a><\/h2><p itemprop=\"description\" class=\"q_masonry_blog_excerpt\">Homil\u00eda de despedida de la Di\u00f3cesis de Plasencia...<\/p><div class=\"q_masonry_blog_post_info\"><span itemprop=\"dateCreated\" class=\"time entry_date updated\">22 mayo, 2016<meta itemprop=\"interactionCount\" content=\"UserComments: <?php echo get_comments_number(qode_get_page_id()); ?>\"\/><\/span><\/div><\/div><\/article><article  class='post-3613 post type-post status-publish format-standard hentry category-noticias_2016 '><div class=\"q_masonry_blog_post_image\"><\/div><div class=\"q_masonry_blog_post_text\"><h2 itemprop=\"name\" class=\"q_masonry_blog_title entry_title\"><a itemprop=\"url\" href=\"https:\/\/diocesisplasencia.org\/hemeroteca\/llamados-a-manifestar-nuestra-fe-y-amor-a-la-eucarista\/\">Llamados a manifestar nuestra fe y amor a la Eucarist\u00eda<\/a><\/h2><p itemprop=\"description\" class=\"q_masonry_blog_excerpt\">Imagen de la procesi\u00f3n del Corpus en Plasencia (2...<\/p><div class=\"q_masonry_blog_post_info\"><span itemprop=\"dateCreated\" class=\"time entry_date updated\">26 mayo, 2016<meta itemprop=\"interactionCount\" content=\"UserComments: <?php echo get_comments_number(qode_get_page_id()); ?>\"\/><\/span><\/div><\/div><\/article><article  class='post-3617 post type-post status-publish format-standard hentry category-noticias_2016 '><div class=\"q_masonry_blog_post_image\"><\/div><div class=\"q_masonry_blog_post_text\"><h2 itemprop=\"name\" class=\"q_masonry_blog_title entry_title\"><a itemprop=\"url\" href=\"https:\/\/diocesisplasencia.org\/hemeroteca\/francisco-rico-bayo-elegido-administrador-diocesano-de-plasencia\/\">Francisco Rico Bayo, elegido administrador diocesano de Plasencia<\/a><\/h2><p itemprop=\"description\" class=\"q_masonry_blog_excerpt\">Este domingo, 29 de Mayo, en el obispado de Plasen...<\/p><div class=\"q_masonry_blog_post_info\"><span itemprop=\"dateCreated\" class=\"time entry_date updated\">29 mayo, 2016<meta itemprop=\"interactionCount\" content=\"UserComments: <?php echo get_comments_number(qode_get_page_id()); ?>\"\/><\/span><\/div><\/div><\/article><article  class='post-3628 post type-post status-publish format-standard hentry category-noticias_2016 '><div class=\"q_masonry_blog_post_image\"><\/div><div class=\"q_masonry_blog_post_text\"><h2 itemprop=\"name\" class=\"q_masonry_blog_title entry_title\"><a itemprop=\"url\" href=\"https:\/\/diocesisplasencia.org\/hemeroteca\/si-falta-el-padre-los-hermanos-anan-trabajo-e-ilusin-para-sacar-adelante-a-la-familia\/\">\u201cSi falta el padre, los hermanos a\u00fanan trabajo e ilusi\u00f3n para sacar adelante a la familia\u201d<\/a><\/h2><p itemprop=\"description\" class=\"q_masonry_blog_excerpt\">Primeras palabras de nuestro Administrador Diocesa...<\/p><div class=\"q_masonry_blog_post_info\"><span itemprop=\"dateCreated\" class=\"time entry_date updated\">01 junio, 2016<meta itemprop=\"interactionCount\" content=\"UserComments: <?php echo get_comments_number(qode_get_page_id()); ?>\"\/><\/span><\/div><\/div><\/article><article  class='post-3634 post type-post status-publish format-standard hentry category-noticias_2016 '><div class=\"q_masonry_blog_post_image\"><\/div><div class=\"q_masonry_blog_post_text\"><h2 itemprop=\"name\" class=\"q_masonry_blog_title entry_title\"><a itemprop=\"url\" href=\"https:\/\/diocesisplasencia.org\/hemeroteca\/el-catlogo-fondo-bibliogrfico-del-seminario-de-plasencia-en-la-ltima-sesin-de-los-lunes-investiga\/\">El Cat\u00e1logo Fondo Bibliogr\u00e1fico del Seminario de Plasencia en la \u00faltima sesi\u00f3n de Los lunes investiga<\/a><\/h2><p itemprop=\"description\" class=\"q_masonry_blog_excerpt\">La Sala de B\u00f3vedas del Seminario Diocesano de Pla...<\/p><div class=\"q_masonry_blog_post_info\"><span itemprop=\"dateCreated\" class=\"time entry_date updated\">13 junio, 2016<meta itemprop=\"interactionCount\" content=\"UserComments: <?php echo get_comments_number(qode_get_page_id()); ?>\"\/><\/span><\/div><\/div><\/article><article  class='post-3648 post type-post status-publish format-standard hentry category-noticias_2016 '><div class=\"q_masonry_blog_post_image\"><\/div><div class=\"q_masonry_blog_post_text\"><h2 itemprop=\"name\" class=\"q_masonry_blog_title entry_title\"><a itemprop=\"url\" href=\"https:\/\/diocesisplasencia.org\/hemeroteca\/plasencia-acoge-las-jornadas-de-patrimonio-cultura-de-la-conferencia-episcopal-espaola\/\">Plasencia acoge las Jornadas de Patrimonio Cultura de la Conferencia Episcopal Espa\u00f1ola<\/a><\/h2><p itemprop=\"description\" class=\"q_masonry_blog_excerpt\">La belleza que evangeliza, una reflexi\u00f3n sobre la...<\/p><div class=\"q_masonry_blog_post_info\"><span itemprop=\"dateCreated\" class=\"time entry_date updated\">17 junio, 2016<meta itemprop=\"interactionCount\" content=\"UserComments: <?php echo get_comments_number(qode_get_page_id()); ?>\"\/><\/span><\/div><\/div><\/article><article  class='post-3662 post type-post status-publish format-standard hentry category-noticias_2016 '><div class=\"q_masonry_blog_post_image\"><\/div><div class=\"q_masonry_blog_post_text\"><h2 itemprop=\"name\" class=\"q_masonry_blog_title entry_title\"><a itemprop=\"url\" href=\"https:\/\/diocesisplasencia.org\/hemeroteca\/todo-listo-para-la-peregrinacin-diocesana-con-enfermos-a-lourdes\/\">Todo listo para la peregrinaci\u00f3n diocesana con enfermos a Lourdes<\/a><\/h2><p itemprop=\"description\" class=\"q_masonry_blog_excerpt\">Un a\u00f1o m\u00e1s, y ya van 25, todo est\u00e1 listo para l...<\/p><div class=\"q_masonry_blog_post_info\"><span itemprop=\"dateCreated\" class=\"time entry_date updated\">21 junio, 2016<meta itemprop=\"interactionCount\" content=\"UserComments: <?php echo get_comments_number(qode_get_page_id()); ?>\"\/><\/span><\/div><\/div><\/article><article  class='post-3682 post type-post status-publish format-standard hentry category-noticias_2016 '><div class=\"q_masonry_blog_post_image\"><\/div><div class=\"q_masonry_blog_post_text\"><h2 itemprop=\"name\" class=\"q_masonry_blog_title entry_title\"><a itemprop=\"url\" href=\"https:\/\/diocesisplasencia.org\/hemeroteca\/clausura-de-las-jornadas-nacionales-de-patrimonio\/\">Clausura de las Jornadas Nacionales de Patrimonio<\/a><\/h2><p itemprop=\"description\" class=\"q_masonry_blog_excerpt\">Las XXXVI Jornadas Nacionales de Patrimonio Cultur...<\/p><div class=\"q_masonry_blog_post_info\"><span itemprop=\"dateCreated\" class=\"time entry_date updated\">30 junio, 2016<meta itemprop=\"interactionCount\" content=\"UserComments: <?php echo get_comments_number(qode_get_page_id()); ?>\"\/><\/span><\/div><\/div><\/article><article  class='post-3698 post type-post status-publish format-standard hentry category-noticias_2016 '><div class=\"q_masonry_blog_post_image\"><\/div><div class=\"q_masonry_blog_post_text\"><h2 itemprop=\"name\" class=\"q_masonry_blog_title entry_title\"><a itemprop=\"url\" href=\"https:\/\/diocesisplasencia.org\/hemeroteca\/cerca-de-un-centenar-de-jvenes-extremeos-en-cracovia-2\/\">Cerca de un centenar de j\u00f3venes extreme\u00f1os en Cracovia<\/a><\/h2><p itemprop=\"description\" class=\"q_masonry_blog_excerpt\">Del 26 al 31 de julio Cracovia (Polonia) acoge las...<\/p><div class=\"q_masonry_blog_post_info\"><span itemprop=\"dateCreated\" class=\"time entry_date updated\">25 julio, 2016<meta itemprop=\"interactionCount\" content=\"UserComments: <?php echo get_comments_number(qode_get_page_id()); ?>\"\/><\/span><\/div><\/div><\/article><article  class='post-3706 post type-post status-publish format-standard hentry category-noticias_2016 '><div class=\"q_masonry_blog_post_image\"><\/div><div class=\"q_masonry_blog_post_text\"><h2 itemprop=\"name\" class=\"q_masonry_blog_title entry_title\"><a itemprop=\"url\" href=\"https:\/\/diocesisplasencia.org\/hemeroteca\/yuste-con-los-jvenes-de-cracovia\/\">Yuste con los j\u00f3venes de Cracovia<\/a><\/h2><p itemprop=\"description\" class=\"q_masonry_blog_excerpt\">Con motivo de la Jornada Mundial de la Juventud en...<\/p><div class=\"q_masonry_blog_post_info\"><span itemprop=\"dateCreated\" class=\"time entry_date updated\">04 agosto, 2016<meta itemprop=\"interactionCount\" content=\"UserComments: <?php echo get_comments_number(qode_get_page_id()); ?>\"\/><\/span><\/div><\/div><\/article><article  class='post-3731 post type-post status-publish format-standard hentry category-noticias_2016 '><div class=\"q_masonry_blog_post_image\"><\/div><div class=\"q_masonry_blog_post_text\"><h2 itemprop=\"name\" class=\"q_masonry_blog_title entry_title\"><a itemprop=\"url\" href=\"https:\/\/diocesisplasencia.org\/hemeroteca\/fiestas-patronales-y-clausura-del-ao-santo-guadalupense\/\">Fiestas patronales y Clausura del A\u00f1o Santo Guadalupense<\/a><\/h2><p itemprop=\"description\" class=\"q_masonry_blog_excerpt\">El mes de septiembre es especial para los extreme?...<\/p><div class=\"q_masonry_blog_post_info\"><span itemprop=\"dateCreated\" class=\"time entry_date updated\">25 agosto, 2016<meta itemprop=\"interactionCount\" content=\"UserComments: <?php echo get_comments_number(qode_get_page_id()); ?>\"\/><\/span><\/div><\/div><\/article><article  class='post-3754 post type-post status-publish format-standard hentry category-noticias_2016 '><div class=\"q_masonry_blog_post_image\"><\/div><div class=\"q_masonry_blog_post_text\"><h2 itemprop=\"name\" class=\"q_masonry_blog_title entry_title\"><a itemprop=\"url\" href=\"https:\/\/diocesisplasencia.org\/hemeroteca\/el-papa-convoca-a-una-jornada-mundial-de-oracin-por-la-paz\/\">El Administrador Diocesano invita a unirse a la Jornada de Oraci\u00f3n por la Paz<\/a><\/h2><p itemprop=\"description\" class=\"q_masonry_blog_excerpt\">...<\/p><div class=\"q_masonry_blog_post_info\"><span itemprop=\"dateCreated\" class=\"time entry_date updated\">16 septiembre, 2016<meta itemprop=\"interactionCount\" content=\"UserComments: <?php echo get_comments_number(qode_get_page_id()); ?>\"\/><\/span><\/div><\/div><\/article><article  class='post-3765 post type-post status-publish format-standard hentry category-noticias_2016 '><div class=\"q_masonry_blog_post_image\"><\/div><div class=\"q_masonry_blog_post_text\"><h2 itemprop=\"name\" class=\"q_masonry_blog_title entry_title\"><a itemprop=\"url\" href=\"https:\/\/diocesisplasencia.org\/hemeroteca\/jornada-de-oracin-por-la-paz\/\">Jornada de Oraci\u00f3n por la Paz<\/a><\/h2><p itemprop=\"description\" class=\"q_masonry_blog_excerpt\">\u00abMucho puede la oraci\u00f3n insistente del justo\u00bb (...<\/p><div class=\"q_masonry_blog_post_info\"><span itemprop=\"dateCreated\" class=\"time entry_date updated\">20 septiembre, 2016<meta itemprop=\"interactionCount\" content=\"UserComments: <?php echo get_comments_number(qode_get_page_id()); ?>\"\/><\/span><\/div><\/div><\/article><article  class='post-3747 post type-post status-publish format-standard hentry category-noticias_2016 '><div class=\"q_masonry_blog_post_image\"><\/div><div class=\"q_masonry_blog_post_text\"><h2 itemprop=\"name\" class=\"q_masonry_blog_title entry_title\"><a itemprop=\"url\" href=\"https:\/\/diocesisplasencia.org\/hemeroteca\/peregrinacin-interdiocesana-a-guadalupe\/\">Peregrinaci\u00f3n interdiocesana a Guadalupe<\/a><\/h2><p itemprop=\"description\" class=\"q_masonry_blog_excerpt\">Durante este A\u00f1o Santo Guadalupense se han llevad...<\/p><div class=\"q_masonry_blog_post_info\"><span itemprop=\"dateCreated\" class=\"time entry_date updated\">21 septiembre, 2016<meta itemprop=\"interactionCount\" content=\"UserComments: <?php echo get_comments_number(qode_get_page_id()); ?>\"\/><\/span><\/div><\/div><\/article><article  class='post-3769 post type-post status-publish format-standard hentry category-noticias_2016 '><div class=\"q_masonry_blog_post_image\"><\/div><div class=\"q_masonry_blog_post_text\"><h2 itemprop=\"name\" class=\"q_masonry_blog_title entry_title\"><a itemprop=\"url\" href=\"https:\/\/diocesisplasencia.org\/hemeroteca\/inauguracin-del-nuevo-curso-acadmico-del-seminario\/\">Inauguraci\u00f3n del nuevo curso acad\u00e9mico del Seminario<\/a><\/h2><p itemprop=\"description\" class=\"q_masonry_blog_excerpt\">&nbsp; &nbsp; El&nbsp; Sr. Administrador Diocesano...<\/p><div class=\"q_masonry_blog_post_info\"><span itemprop=\"dateCreated\" class=\"time entry_date updated\">02 octubre, 2016<meta itemprop=\"interactionCount\" content=\"UserComments: <?php echo get_comments_number(qode_get_page_id()); ?>\"\/><\/span><\/div><\/div><\/article><article  class='post-3793 post type-post status-publish format-standard hentry category-noticias_2016 '><div class=\"q_masonry_blog_post_image\"><\/div><div class=\"q_masonry_blog_post_text\"><h2 itemprop=\"name\" class=\"q_masonry_blog_title entry_title\"><a itemprop=\"url\" href=\"https:\/\/diocesisplasencia.org\/hemeroteca\/radio-mara-llega-a-nuestra-dicesis\/\">Radio Mar\u00eda llega a nuestra Di\u00f3cesis<\/a><\/h2><p itemprop=\"description\" class=\"q_masonry_blog_excerpt\">...<\/p><div class=\"q_masonry_blog_post_info\"><span itemprop=\"dateCreated\" class=\"time entry_date updated\">24 octubre, 2016<meta itemprop=\"interactionCount\" content=\"UserComments: <?php echo get_comments_number(qode_get_page_id()); ?>\"\/><\/span><\/div><\/div><\/article><article  class='post-3799 post type-post status-publish format-standard hentry category-noticias_2016 '><div class=\"q_masonry_blog_post_image\"><\/div><div class=\"q_masonry_blog_post_text\"><h2 itemprop=\"name\" class=\"q_masonry_blog_title entry_title\"><a itemprop=\"url\" href=\"https:\/\/diocesisplasencia.org\/hemeroteca\/las-cofradas-y-hermandades-de-la-dicesis-convocadas-en-miajadas\/\">Las cofrad\u00edas y hermandades de la Di\u00f3cesis convocadas en Miajadas<\/a><\/h2><p itemprop=\"description\" class=\"q_masonry_blog_excerpt\">\u201cVolver a la fuentes: Pr\u00e1ctica de las Obras de ...<\/p><div class=\"q_masonry_blog_post_info\"><span itemprop=\"dateCreated\" class=\"time entry_date updated\">27 octubre, 2016<meta itemprop=\"interactionCount\" content=\"UserComments: <?php echo get_comments_number(qode_get_page_id()); ?>\"\/><\/span><\/div><\/div><\/article><article  class='post-3840 post type-post status-publish format-standard hentry category-noticias_2016 '><div class=\"q_masonry_blog_post_image\"><\/div><div class=\"q_masonry_blog_post_text\"><h2 itemprop=\"name\" class=\"q_masonry_blog_title entry_title\"><a itemprop=\"url\" href=\"https:\/\/diocesisplasencia.org\/hemeroteca\/manos-unidas-de-plasencia-invita-a-iluminar-el-mundo-para-acabar-con-la-pobreza\/\">Manos Unidas de Plasencia invita a iluminar el mundo para acabar con la pobreza<\/a><\/h2><p itemprop=\"description\" class=\"q_masonry_blog_excerpt\">...<\/p><div class=\"q_masonry_blog_post_info\"><span itemprop=\"dateCreated\" class=\"time entry_date updated\">08 noviembre, 2016<meta itemprop=\"interactionCount\" content=\"UserComments: <?php echo get_comments_number(qode_get_page_id()); ?>\"\/><\/span><\/div><\/div><\/article><article  class='post-3847 post type-post status-publish format-standard hentry category-noticias_2016 '><div class=\"q_masonry_blog_post_image\"><\/div><div class=\"q_masonry_blog_post_text\"><h2 itemprop=\"name\" class=\"q_masonry_blog_title entry_title\"><a itemprop=\"url\" href=\"https:\/\/diocesisplasencia.org\/hemeroteca\/el-acceso-en-lnea-a-los-archivos-municipales-abre-la-segunda-edicin-de-los-lunes-investiga\/\">El acceso en l\u00ednea a los archivos municipales abre la segunda edici\u00f3n de \u201cLos lunes investiga\u201d<\/a><\/h2><p itemprop=\"description\" class=\"q_masonry_blog_excerpt\">La Sala de B\u00f3vedas del Seminario Diocesano de Pla...<\/p><div class=\"q_masonry_blog_post_info\"><span itemprop=\"dateCreated\" class=\"time entry_date updated\">10 noviembre, 2016<meta itemprop=\"interactionCount\" content=\"UserComments: <?php echo get_comments_number(qode_get_page_id()); ?>\"\/><\/span><\/div><\/div><\/article><article  class='post-3833 post type-post status-publish format-standard hentry category-noticias_2016 '><div class=\"q_masonry_blog_post_image\"><\/div><div class=\"q_masonry_blog_post_text\"><h2 itemprop=\"name\" class=\"q_masonry_blog_title entry_title\"><a itemprop=\"url\" href=\"https:\/\/diocesisplasencia.org\/hemeroteca\/la-clausura-del-ao-de-la-misericordia-ser-el-domingo-13-de-noviembre\/\">La Clausura del A\u00f1o de la Misericordia ser\u00e1 el domingo 13 de noviembre<\/a><\/h2><p itemprop=\"description\" class=\"q_masonry_blog_excerpt\">Puerta Santa del A\u00f1o de la Misericordia, Catedral...<\/p><div class=\"q_masonry_blog_post_info\"><span itemprop=\"dateCreated\" class=\"time entry_date updated\">10 noviembre, 2016<meta itemprop=\"interactionCount\" content=\"UserComments: <?php echo get_comments_number(qode_get_page_id()); ?>\"\/><\/span><\/div><\/div><\/article><article  class='post-3849 post type-post status-publish format-standard hentry category-noticias_2016 '><div class=\"q_masonry_blog_post_image\"><\/div><div class=\"q_masonry_blog_post_text\"><h2 itemprop=\"name\" class=\"q_masonry_blog_title entry_title\"><a itemprop=\"url\" href=\"https:\/\/diocesisplasencia.org\/hemeroteca\/clausura-del-ao-de-la-misericordia-en-la-catedral-de-plasencia\/\">Clausura del A\u00f1o de la Misericordia en la catedral de Plasencia<\/a><\/h2><p itemprop=\"description\" class=\"q_masonry_blog_excerpt\">La Di\u00f3cesis de Plasencia se uni\u00f3 a todas las di?...<\/p><div class=\"q_masonry_blog_post_info\"><span itemprop=\"dateCreated\" class=\"time entry_date updated\">14 noviembre, 2016<meta itemprop=\"interactionCount\" content=\"UserComments: <?php echo get_comments_number(qode_get_page_id()); ?>\"\/><\/span><\/div><\/div><\/article><article  class='post-3865 post type-post status-publish format-standard hentry category-noticias_2016 '><div class=\"q_masonry_blog_post_image\"><\/div><div class=\"q_masonry_blog_post_text\"><h2 itemprop=\"name\" class=\"q_masonry_blog_title entry_title\"><a itemprop=\"url\" href=\"https:\/\/diocesisplasencia.org\/hemeroteca\/vigilia-de-la-inmaculada-2\/\">Vigilia de la Inmaculada<\/a><\/h2><p itemprop=\"description\" class=\"q_masonry_blog_excerpt\">Como es tradici\u00f3n, el mi\u00e9rcoles 7 de diciembre a...<\/p><div class=\"q_masonry_blog_post_info\"><span itemprop=\"dateCreated\" class=\"time entry_date updated\">05 diciembre, 2016<meta itemprop=\"interactionCount\" content=\"UserComments: <?php echo get_comments_number(qode_get_page_id()); ?>\"\/><\/span><\/div><\/div><\/article><article  class='post-3855 post type-post status-publish format-standard hentry category-noticias_2016 '><div class=\"q_masonry_blog_post_image\"><\/div><div class=\"q_masonry_blog_post_text\"><h2 itemprop=\"name\" class=\"q_masonry_blog_title entry_title\"><a itemprop=\"url\" href=\"https:\/\/diocesisplasencia.org\/hemeroteca\/catequesis-sobre-la-navidad-en-las-catedrales\/\">Catequesis sobre la Navidad en las catedrales<\/a><\/h2><p itemprop=\"description\" class=\"q_masonry_blog_excerpt\">Retablo del altar mayor de la catedral nueva de Pl...<\/p><div class=\"q_masonry_blog_post_info\"><span itemprop=\"dateCreated\" class=\"time entry_date updated\">07 diciembre, 2016<meta itemprop=\"interactionCount\" content=\"UserComments: <?php echo get_comments_number(qode_get_page_id()); ?>\"\/><\/span><\/div><\/div><\/article><article  class='post-3869 post type-post status-publish format-standard hentry category-noticias_2016 '><div class=\"q_masonry_blog_post_image\"><\/div><div class=\"q_masonry_blog_post_text\"><h2 itemprop=\"name\" class=\"q_masonry_blog_title entry_title\"><a itemprop=\"url\" href=\"https:\/\/diocesisplasencia.org\/hemeroteca\/ingeniera-restauracin-monumental-y-arqueologa-extremea-en-los-lunes-investiga\/\">Ingenier\u00eda, restauraci\u00f3n monumental y arqueolog\u00eda extreme\u00f1a en los \u201cLUNES INVESTIGA\u201d<\/a><\/h2><p itemprop=\"description\" class=\"q_masonry_blog_excerpt\">La Sala de B\u00f3vedas del Seminario Diocesano de Pla...<\/p><div class=\"q_masonry_blog_post_info\"><span itemprop=\"dateCreated\" class=\"time entry_date updated\">09 diciembre, 2016<meta itemprop=\"interactionCount\" content=\"UserComments: <?php echo get_comments_number(qode_get_page_id()); ?>\"\/><\/span><\/div><\/div><\/article><article  class='post-3877 post type-post status-publish format-standard hentry category-noticias_2016 '><div class=\"q_masonry_blog_post_image\"><\/div><div class=\"q_masonry_blog_post_text\"><h2 itemprop=\"name\" class=\"q_masonry_blog_title entry_title\"><a itemprop=\"url\" href=\"https:\/\/diocesisplasencia.org\/hemeroteca\/misiones-te-invita-a-sembrar-estrellas-este-sbado\/\">Misiones te invita a \u201csembrar\u201d estrellas este s\u00e1bado<\/a><\/h2><p itemprop=\"description\" class=\"q_masonry_blog_excerpt\">Seguimos prepar\u00e1ndonos para recibir a Jes\u00fas en n...<\/p><div class=\"q_masonry_blog_post_info\"><span itemprop=\"dateCreated\" class=\"time entry_date updated\">15 diciembre, 2016<meta itemprop=\"interactionCount\" content=\"UserComments: <?php echo get_comments_number(qode_get_page_id()); ?>\"\/><\/span><\/div><\/div><\/article><article  class='post-3893 post type-post status-publish format-standard hentry category-noticias_2016 '><div class=\"q_masonry_blog_post_image\"><\/div><div class=\"q_masonry_blog_post_text\"><h2 itemprop=\"name\" class=\"q_masonry_blog_title entry_title\"><a itemprop=\"url\" href=\"https:\/\/diocesisplasencia.org\/hemeroteca\/bendicin-de-las-figuras-del-beln-y-reparto-de-la-luz-de-la-paz-de-beln\/\">Bendici\u00f3n de las figuras del Bel\u00e9n y reparto de la luz de la paz de Bel\u00e9n<\/a><\/h2><p itemprop=\"description\" class=\"q_masonry_blog_excerpt\">La eucarist\u00eda del domingo 18 que se celebrar\u00e1&nb...<\/p><div class=\"q_masonry_blog_post_info\"><span itemprop=\"dateCreated\" class=\"time entry_date updated\">16 diciembre, 2016<meta itemprop=\"interactionCount\" content=\"UserComments: <?php echo get_comments_number(qode_get_page_id()); ?>\"\/><\/span><\/div><\/div><\/article><article  class='post-3875 post type-post status-publish format-standard hentry category-noticias_2016 '><div class=\"q_masonry_blog_post_image\"><\/div><div class=\"q_masonry_blog_post_text\"><h2 itemprop=\"name\" class=\"q_masonry_blog_title entry_title\"><a itemprop=\"url\" href=\"https:\/\/diocesisplasencia.org\/hemeroteca\/jornada-de-la-sagrada-familia\/\">Jornada de la Sagrada Familia<\/a><\/h2><p itemprop=\"description\" class=\"q_masonry_blog_excerpt\">\u201cVivir la alegr\u00eda del amor en la familia\u201d es ...<\/p><div class=\"q_masonry_blog_post_info\"><span itemprop=\"dateCreated\" class=\"time entry_date updated\">16 diciembre, 2016<meta itemprop=\"interactionCount\" content=\"UserComments: <?php echo get_comments_number(qode_get_page_id()); ?>\"\/><\/span><\/div><\/div><\/article><article  class='post-3904 post type-post status-publish format-standard hentry category-noticias_2016 '><div class=\"q_masonry_blog_post_image\"><\/div><div class=\"q_masonry_blog_post_text\"><h2 itemprop=\"name\" class=\"q_masonry_blog_title entry_title\"><a itemprop=\"url\" href=\"https:\/\/diocesisplasencia.org\/hemeroteca\/maratn-radiofnico-a-favor-de-proyecto-hombre-extremadura-el-23-de-diciembre\/\">Marat\u00f3n radiof\u00f3nico a favor de Proyecto Hombre Extremadura el 23 de diciembre<\/a><\/h2><p itemprop=\"description\" class=\"q_masonry_blog_excerpt\">En la ma\u00f1ana de hoy, 20 de diciembre, han present...<\/p><div class=\"q_masonry_blog_post_info\"><span itemprop=\"dateCreated\" class=\"time entry_date updated\">20 diciembre, 2016<meta itemprop=\"interactionCount\" content=\"UserComments: <?php echo get_comments_number(qode_get_page_id()); ?>\"\/><\/span><\/div><\/div><\/article><\/div>\t\t\t\t<\/div>\n\t\t\t\t<\/div>\n\t\t\t\t<div class=\"elementor-element elementor-element-19bedb85 elementor-widget elementor-widget-text-editor\" data-id=\"19bedb85\" data-element_type=\"widget\" data-widget_type=\"text-editor.default\">\n\t\t\t\t<div class=\"elementor-widget-container\">\n\t\t\t\t\t\t\t\t\t<br \/>\n\t\t\t\t\t\t\t\t<\/div>\n\t\t\t\t<\/div>\n\t\t\t\t\t<\/div>\n\t\t<\/div>\n\t\t\t\t\t<\/div>\n\t\t<\/section>\n\t\t\t\t<\/div>\n\t\t","protected":false},"excerpt":{"rendered":"<p>[vc_row css_animation=\u00bb\u00bb row_type=\u00bbrow\u00bb use_row_as_full_screen_section=\u00bbno\u00bb type=\u00bbgrid\u00bb angled_section=\u00bbno\u00bb text_align=\u00bbcenter\u00bb background_image_as_pattern=\u00bbwithout_pattern\u00bb z_index=\u00bb\u00bb][vc_column][\/vc_column][\/vc_row]<\/p>\n","protected":false},"author":1,"featured_media":0,"parent":0,"menu_order":0,"comment_status":"closed","ping_status":"closed","template":"","meta":{"footnotes":""},"_links":{"self":[{"href":"https:\/\/diocesisplasencia.org\/hemeroteca\/wp-json\/wp\/v2\/pages\/8303"}],"collection":[{"href":"https:\/\/diocesisplasencia.org\/hemeroteca\/wp-json\/wp\/v2\/pages"}],"about":[{"href":"https:\/\/diocesisplasencia.org\/hemeroteca\/wp-json\/wp\/v2\/types\/page"}],"author":[{"embeddable":true,"href":"https:\/\/diocesisplasencia.org\/hemeroteca\/wp-json\/wp\/v2\/users\/1"}],"replies":[{"embeddable":true,"href":"https:\/\/diocesisplasencia.org\/hemeroteca\/wp-json\/wp\/v2\/comments?post=8303"}],"version-history":[{"count":4,"href":"https:\/\/diocesisplasencia.org\/hemeroteca\/wp-json\/wp\/v2\/pages\/8303\/revisions"}],"predecessor-version":[{"id":8308,"href":"https:\/\/diocesisplasencia.org\/hemeroteca\/wp-json\/wp\/v2\/pages\/8303\/revisions\/8308"}],"wp:attachment":[{"href":"https:\/\/diocesisplasencia.org\/hemeroteca\/wp-json\/wp\/v2\/media?parent=8303"}],"curies":[{"name":"wp","href":"https:\/\/api.w.org\/{rel}","templated":true}]}}